{"id":23,"date":"2018-06-24T22:05:20","date_gmt":"2018-06-24T20:05:20","guid":{"rendered":"http:\/\/strasbourgeauxvives.org\/site\/?page_id=23"},"modified":"2025-03-31T17:35:32","modified_gmt":"2025-03-31T15:35:32","slug":"contact","status":"publish","type":"page","link":"https:\/\/www.strasbourgeauxvives.org\/site\/index.php\/contact\/","title":{"rendered":"Contact"},"content":{"rendered":"<p>Strasbourg Eaux-Vives &#8211; 36 Rue Pierre de Coubertin &#8211; 67000 Strasbourg<\/p>\n<p>Acc\u00e8s en tram : Ligne E &#8211; Arr\u00eat Parlement Europ\u00e9en<\/p>\n<p>T\u00e9l\u00e9phone : 03.88.31.49.00<\/p>\n<p>Web :\u00a0<a href=\"https:\/\/www.strasbourgeauxvives.org\" target=\"_blank\" rel=\"noopener\">https:\/\/www.strasbourgeauxvives.org<\/a><\/p>\n\n<div class=\"wpcf7 no-js\" id=\"wpcf7-f1470-o1\" lang=\"fr-FR\" dir=\"ltr\" data-wpcf7-id=\"1470\">\n<div class=\"screen-reader-response\"><p role=\"status\" aria-live=\"polite\" aria-atomic=\"true\"><\/p> <ul><\/ul><\/div>\n<form action=\"\/site\/index.php\/wp-json\/wp\/v2\/pages\/23#wpcf7-f1470-o1\" method=\"post\" class=\"wpcf7-form init\" aria-label=\"Formulaire de contact\" enctype=\"multipart\/form-data\" novalidate=\"novalidate\" data-status=\"init\">\n<fieldset class=\"hidden-fields-container\"><input type=\"hidden\" name=\"_wpcf7\" value=\"1470\" \/><input type=\"hidden\" name=\"_wpcf7_version\" value=\"6.1.5\" \/><input type=\"hidden\" name=\"_wpcf7_locale\" value=\"fr_FR\" \/><input type=\"hidden\" name=\"_wpcf7_unit_tag\" value=\"wpcf7-f1470-o1\" \/><input type=\"hidden\" name=\"_wpcf7_container_post\" value=\"0\" \/><input type=\"hidden\" name=\"_wpcf7_posted_data_hash\" value=\"\" \/><input type=\"hidden\" name=\"_wpcf7_recaptcha_response\" value=\"\" \/>\n<\/fieldset>\n<p><label> Nom et Pr\u00e9nom :<br \/>\n<span class=\"wpcf7-form-control-wrap\" data-name=\"your-name\"><input size=\"40\" maxlength=\"400\" class=\"wpcf7-form-control wpcf7-text wpcf7-validates-as-required\" aria-required=\"true\" aria-invalid=\"false\" value=\"\" type=\"text\" name=\"your-name\" \/><\/span> <\/label>\n<\/p>\n<p><label> E-mail :<br \/>\n<span class=\"wpcf7-form-control-wrap\" data-name=\"your-email\"><input size=\"40\" maxlength=\"400\" class=\"wpcf7-form-control wpcf7-email wpcf7-validates-as-required wpcf7-text wpcf7-validates-as-email\" aria-required=\"true\" aria-invalid=\"false\" value=\"\" type=\"email\" name=\"your-email\" \/><\/span> <\/label>\n<\/p>\n<p><label> T\u00e9l\u00e9phone :<br \/>\n<span class=\"wpcf7-form-control-wrap\" data-name=\"tel-23\"><input size=\"40\" maxlength=\"400\" class=\"wpcf7-form-control wpcf7-tel wpcf7-validates-as-required wpcf7-text wpcf7-validates-as-tel\" aria-required=\"true\" aria-invalid=\"false\" value=\"\" type=\"tel\" name=\"tel-23\" \/><\/span> <\/label>\n<\/p>\n<p><label> Objet :<br \/>\n<span class=\"wpcf7-form-control-wrap\" data-name=\"menu-86\"><select class=\"wpcf7-form-control wpcf7-select\" aria-invalid=\"false\" name=\"menu-86\"><option value=\"Randonn\u00e9es\">Randonn\u00e9es<\/option><option value=\"Adh\u00e9rer au club\">Adh\u00e9rer au club<\/option><option value=\"Stage \u00e9t\u00e9 jeunes (juillet - ao\u00fbt)\">Stage \u00e9t\u00e9 jeunes (juillet - ao\u00fbt)<\/option><option value=\"Sport Sant\u00e9\">Sport Sant\u00e9<\/option><option value=\"Scolaire - renseignement \u00e9cole\">Scolaire - renseignement \u00e9cole<\/option><option value=\"Autres\">Autres<\/option><\/select><\/span> <\/label>\n<\/p>\n<p><label> Votre message :<br \/>\n<span class=\"wpcf7-form-control-wrap\" data-name=\"your-message\"><textarea cols=\"40\" rows=\"10\" maxlength=\"2000\" class=\"wpcf7-form-control wpcf7-textarea wpcf7-validates-as-required\" aria-required=\"true\" aria-invalid=\"false\" name=\"your-message\"><\/textarea><\/span> <\/label>\n<\/p>\n<p><label> <span class=\"wpcf7-form-control-wrap\" data-name=\"file-178\"><input size=\"40\" class=\"wpcf7-form-control wpcf7-file\" accept=\"audio\/*,video\/*,image\/*\" aria-invalid=\"false\" type=\"file\" name=\"file-178\" \/><\/span> <\/label><label><br \/>\n\t<span class=\"wpcf7-form-control-wrap recaptcha\" data-name=\"recaptcha\"><span data-sitekey=\"6LfqCtcUAAAAALP9cq6SJKDtf9ZenjwEQ_FUQH98\" class=\"wpcf7-form-control wpcf7-recaptcha g-recaptcha\"><\/span>\r\n<noscript>\r\n\t<div class=\"grecaptcha-noscript\">\r\n\t\t<iframe loading=\"lazy\" src=\"https:\/\/www.recaptcha.net\/recaptcha\/api\/fallback?k=6LfqCtcUAAAAALP9cq6SJKDtf9ZenjwEQ_FUQH98\" frameborder=\"0\" scrolling=\"no\" width=\"310\" height=\"430\">\r\n\t\t<\/iframe>\r\n\t\t<textarea name=\"g-recaptcha-response\" rows=\"3\" cols=\"40\" placeholder=\"reCaptcha Response Here\">\r\n\t\t<\/textarea>\r\n\t<\/div>\r\n<\/noscript>\r\n<\/span><br \/>\n<input class=\"wpcf7-form-control wpcf7-submit has-spinner\" type=\"submit\" value=\"Envoyer\" \/><\/label>\n<\/p><div class=\"wpcf7-response-output\" aria-hidden=\"true\"><\/div>\n<\/form>\n<\/div>\n\n<p><a href=\"https:\/\/www.google.fr\/maps\/place\/36+Rue+Pierre+de+Coubertin,+67000+Strasbourg\/@48.6025837,7.7686325,17z\/data=!3m1!4b1!4m5!3m4!1s0x4796c88bfc1bb3d7:0xbfb82d5ad29b06d2!8m2!3d48.6025837!4d7.7708212\" target=\"_blank\" rel=\"noopener\"><img loading=\"lazy\" decoding=\"async\" class=\"aligncenter wp-image-1277\" src=\"http:\/\/strasbourgeauxvives.org\/site\/wp-content\/uploads\/2019\/03\/Capture-d\u2019\u00e9cran-2019-03-07-\u00e0-22.09.04.png\" alt=\"\" width=\"645\" height=\"316\" srcset=\"https:\/\/www.strasbourgeauxvives.org\/site\/wp-content\/uploads\/2019\/03\/Capture-d\u2019\u00e9cran-2019-03-07-\u00e0-22.09.04.png 1252w, https:\/\/www.strasbourgeauxvives.org\/site\/wp-content\/uploads\/2019\/03\/Capture-d\u2019\u00e9cran-2019-03-07-\u00e0-22.09.04-300x147.png 300w, https:\/\/www.strasbourgeauxvives.org\/site\/wp-content\/uploads\/2019\/03\/Capture-d\u2019\u00e9cran-2019-03-07-\u00e0-22.09.04-768x377.png 768w, https:\/\/www.strasbourgeauxvives.org\/site\/wp-content\/uploads\/2019\/03\/Capture-d\u2019\u00e9cran-2019-03-07-\u00e0-22.09.04-1024x502.png 1024w\" sizes=\"auto, (max-width: 645px) 100vw, 645px\" \/><\/a><\/p>\n","protected":false},"excerpt":{"rendered":"<p>Strasbourg Eaux-Vives &#8211; 36 Rue Pierre de Coubertin &#8211; 67000 Strasbourg Acc\u00e8s en tram : Ligne E &#8211; Arr\u00eat Parlement Europ\u00e9en T\u00e9l\u00e9phone : 03.88.31.49.00 Web :\u00a0https:\/\/www.strasbourgeauxvives.org<\/p>\n","protected":false},"author":2,"featured_media":0,"parent":0,"menu_order":0,"comment_status":"closed","ping_status":"closed","template":"","meta":{"footnotes":""},"class_list":["post-23","page","type-page","status-publish","hentry"],"jetpack_sharing_enabled":true,"_links":{"self":[{"href":"https:\/\/www.strasbourgeauxvives.org\/site\/index.php\/wp-json\/wp\/v2\/pages\/23","targetHints":{"allow":["GET"]}}],"collection":[{"href":"https:\/\/www.strasbourgeauxvives.org\/site\/index.php\/wp-json\/wp\/v2\/pages"}],"about":[{"href":"https:\/\/www.strasbourgeauxvives.org\/site\/index.php\/wp-json\/wp\/v2\/types\/page"}],"author":[{"embeddable":true,"href":"https:\/\/www.strasbourgeauxvives.org\/site\/index.php\/wp-json\/wp\/v2\/users\/2"}],"replies":[{"embeddable":true,"href":"https:\/\/www.strasbourgeauxvives.org\/site\/index.php\/wp-json\/wp\/v2\/comments?post=23"}],"version-history":[{"count":6,"href":"https:\/\/www.strasbourgeauxvives.org\/site\/index.php\/wp-json\/wp\/v2\/pages\/23\/revisions"}],"predecessor-version":[{"id":4801,"href":"https:\/\/www.strasbourgeauxvives.org\/site\/index.php\/wp-json\/wp\/v2\/pages\/23\/revisions\/4801"}],"wp:attachment":[{"href":"https:\/\/www.strasbourgeauxvives.org\/site\/index.php\/wp-json\/wp\/v2\/media?parent=23"}],"curies":[{"name":"wp","href":"https:\/\/api.w.org\/{rel}","templated":true}]}}